{"id":3896,"date":"2026-04-08T13:21:24","date_gmt":"2026-04-08T11:21:24","guid":{"rendered":"https:\/\/f-finance.de\/?post_type=avada_portfolio&#038;p=3896"},"modified":"2026-04-08T13:21:34","modified_gmt":"2026-04-08T11:21:34","slug":"leiter-m-w-d-kaufmaennisches-controlling","status":"publish","type":"avada_portfolio","link":"https:\/\/f-finance.de\/en\/jobs\/leiter-m-w-d-kaufmaennisches-controlling\/","title":{"rendered":"Leiter (m\/w\/d) Kaufm\u00e4nnisches Controlling"},"content":{"rendered":"<p><div class=\"fusion-fullwidth fullwidth-box fusion-builder-row-1 fusion-flex-container has-pattern-background has-mask-background nonhundred-percent-fullwidth non-hundred-percent-height-scrolling concont\" style=\"--awb-border-radius-top-left:0px;--awb-border-radius-top-right:0px;--awb-border-radius-bottom-right:0px;--awb-border-radius-bottom-left:0px;--awb-padding-right:0px;--awb-padding-left:0px;--awb-flex-wrap:wrap;\" ><div class=\"fusion-builder-row fusion-row fusion-flex-align-items-flex-start fusion-flex-content-wrap\" style=\"max-width:1248px;margin-left: calc(-4% \/ 2 );margin-right: calc(-4% \/ 2 );\"><div class=\"fusion-layout-column fusion_builder_column fusion-builder-column-0 fusion_builder_column_1_1 1_1 fusion-flex-column\" style=\"--awb-bg-size:cover;--awb-width-large:100%;--awb-margin-top-large:0px;--awb-spacing-right-large:1.92%;--awb-margin-bottom-large:0px;--awb-spacing-left-large:1.92%;--awb-width-medium:100%;--awb-order-medium:0;--awb-spacing-right-medium:1.92%;--awb-spacing-left-medium:1.92%;--awb-width-small:100%;--awb-order-small:0;--awb-spacing-right-small:1.92%;--awb-spacing-left-small:1.92%;\"><div class=\"fusion-column-wrapper fusion-column-has-shadow fusion-flex-justify-content-flex-start fusion-content-layout-column\"><div class=\"fusion-title title fusion-title-1 fusion-sep-none fusion-title-text fusion-title-size-one\"><h1 class=\"fusion-title-heading title-heading-left fusion-responsive-typography-calculated\" style=\"margin:0;--fontSize:48;line-height:var(--awb-typography1-line-height);\">Leiter (m\/w\/d) Kaufm\u00e4nnisches Controlling<\/h1><\/div><div class=\"fusion-separator\" style=\"align-self: flex-start;margin-right:auto;margin-top:10px;margin-bottom:16px;width:100%;max-width:60%;\"><div class=\"fusion-separator-border sep-single sep-solid\" style=\"--awb-height:20px;--awb-amount:20px;--awb-sep-color:var(--awb-color8);border-color:var(--awb-color8);border-top-width:2px;\"><\/div><\/div><div class=\"fusion-title title fusion-title-2 fusion-sep-none fusion-title-text fusion-title-size-two\"><h2 class=\"fusion-title-heading title-heading-left fusion-responsive-typography-calculated\" style=\"font-family:&quot;ABCArizonaSans-Light&quot;;font-style:normal;font-weight:400;margin:0;--fontSize:36;line-height:var(--awb-typography1-line-height);\">f\u00fcr einen etablierten Gesundheitsdienstleister in kommunaler Tr\u00e4gerschaft<\/h2><\/div><div class=\"fusion-title title fusion-title-3 fusion-sep-none fusion-title-text fusion-title-size-four\" style=\"--awb-margin-top:4px;--awb-margin-bottom:4px;\"><h4 class=\"fusion-title-heading title-heading-left fusion-responsive-typography-calculated\" style=\"font-family:&quot;ABCArizonaSans-Light&quot;;font-style:normal;font-weight:400;margin:0;--fontSize:20;--minFontSize:20;line-height:1;\">Gelnhausen<\/h4><\/div><div class=\"fusion-title title fusion-title-4 fusion-sep-none fusion-title-text fusion-title-size-four\" style=\"--awb-margin-top:4px;--awb-margin-bottom:4px;\"><h4 class=\"fusion-title-heading title-heading-left fusion-responsive-typography-calculated\" style=\"font-family:&quot;ABCArizonaSans-Light&quot;;font-style:normal;font-weight:400;margin:0;--fontSize:20;--minFontSize:20;line-height:1;\"><strong>Referenz: JF1766<\/strong><\/h4><\/div><div class=\"fusion-title title fusion-title-5 fusion-sep-none fusion-title-text fusion-title-size-four\" style=\"--awb-margin-top:4px;\"><h4 class=\"fusion-title-heading title-heading-left fusion-responsive-typography-calculated\" style=\"font-family:&quot;ABCArizonaSans-Light&quot;;font-style:normal;font-weight:400;margin:0;--fontSize:20;--minFontSize:20;line-height:1;\"><strong>Ansprechpartner: J\u00f6rg Fricke\u00a0<\/strong><\/h4><\/div><div ><a class=\"fusion-button button-flat fusion-button-default-size button-default fusion-button-default button-1 fusion-button-default-span fusion-button-default-type\" target=\"_self\" href=\"https:\/\/f-finance.de\/bewerbung?subject=Leiter (m\/w\/d) Kaufm\u00e4nnisches Controlling\"><span class=\"fusion-button-text awb-button__text awb-button__text--default\">Bewerben<\/span><\/a><\/div><\/div><\/div><\/div><\/div><div class=\"fusion-fullwidth fullwidth-box fusion-builder-row-2 fusion-flex-container has-pattern-background has-mask-background nonhundred-percent-fullwidth non-hundred-percent-height-scrolling concont\" style=\"--awb-border-radius-top-left:0px;--awb-border-radius-top-right:0px;--awb-border-radius-bottom-right:0px;--awb-border-radius-bottom-left:0px;--awb-padding-right:0px;--awb-padding-left:0px;--awb-margin-top:30px;--awb-flex-wrap:wrap;\" ><div class=\"fusion-builder-row fusion-row fusion-flex-align-items-flex-start fusion-flex-content-wrap\" style=\"max-width:1248px;margin-left: calc(-4% \/ 2 );margin-right: calc(-4% \/ 2 );\"><div class=\"fusion-layout-column fusion_builder_column fusion-builder-column-1 fusion_builder_column_1_1 1_1 fusion-flex-column\" style=\"--awb-bg-size:cover;--awb-width-large:100%;--awb-margin-top-large:0px;--awb-spacing-right-large:1.92%;--awb-margin-bottom-large:0px;--awb-spacing-left-large:1.92%;--awb-width-medium:100%;--awb-order-medium:0;--awb-spacing-right-medium:1.92%;--awb-spacing-left-medium:1.92%;--awb-width-small:100%;--awb-order-small:0;--awb-spacing-right-small:1.92%;--awb-spacing-left-small:1.92%;\"><div class=\"fusion-column-wrapper fusion-column-has-shadow fusion-flex-justify-content-flex-start fusion-content-layout-column\"><div class=\"fusion-title title fusion-title-6 fusion-sep-none fusion-title-text fusion-title-size-paragraph\"><p class=\"fusion-title-heading title-heading-left title-heading-tag fusion-responsive-typography-calculated\" style=\"font-family:&quot;ABCArizonaSans-Medium&quot;;font-style:normal;font-weight:400;margin:0;--fontSize:18;--minFontSize:18;line-height:1.3;\">Aufgaben:<\/p><\/div><div class=\"fusion-text fusion-text-1\"><ul>\n<li>Fachliche und disziplinarische F\u00fchrung sowie Weiterentwicklung des Controllingbereichs<\/li>\n<li>Gesamtverantwortung f\u00fcr das kaufm\u00e4nnische Controlling (u. a. Kosten-, Leistungs-, Erl\u00f6s- und Investitionscontrolling)<\/li>\n<li>Steuerung und Weiterentwicklung von Planungs-, Forecast- und Reportingprozessen<\/li>\n<li>Entwicklung und Implementierung moderner Controllinginstrumente und KPI-Systeme<\/li>\n<li>Sicherstellung einer adressatengerechten Managementberichterstattung f\u00fcr Gesch\u00e4ftsf\u00fchrung und F\u00fchrungskr\u00e4fte<\/li>\n<li>Unterst\u00fctzung und Beratung der Klinikleitung sowie der Fachbereiche in betriebswirtschaftlichen Fragestellungen<\/li>\n<li>Enge Zusammenarbeit mit Finanzbuchhaltung, Medizincontrolling und weiteren zentralen Funktionen<\/li>\n<li>Mitwirkung bei strategischen Projekten sowie bei der wirtschaftlichen Bewertung von Investitionsvorhaben<\/li>\n<li>Weiterentwicklung von Prozessen zur Effizienzsteigerung und Kostentransparenz<\/li>\n<li>Analyse von Leistungs- und Kostenentwicklungen im Krankenhausbetrieb<\/li>\n<li>Beratung der Fachabteilungen in wirtschaftlichen Fragestellungen<\/li>\n<li>Mitwirkung bei Projekten zur Optimierung von Prozessen und Wirtschaftlichkeit<\/li>\n<\/ul>\n<\/div><\/div><\/div><\/div><\/div><div class=\"fusion-fullwidth fullwidth-box fusion-builder-row-3 fusion-flex-container has-pattern-background has-mask-background nonhundred-percent-fullwidth non-hundred-percent-height-scrolling concont\" style=\"--awb-border-radius-top-left:0px;--awb-border-radius-top-right:0px;--awb-border-radius-bottom-right:0px;--awb-border-radius-bottom-left:0px;--awb-padding-right:0px;--awb-padding-left:0px;--awb-margin-top:30px;--awb-flex-wrap:wrap;\" ><div class=\"fusion-builder-row fusion-row fusion-flex-align-items-flex-start fusion-flex-content-wrap\" style=\"max-width:1248px;margin-left: calc(-4% \/ 2 );margin-right: calc(-4% \/ 2 );\"><div class=\"fusion-layout-column fusion_builder_column fusion-builder-column-2 fusion_builder_column_1_1 1_1 fusion-flex-column\" style=\"--awb-bg-size:cover;--awb-width-large:100%;--awb-margin-top-large:0px;--awb-spacing-right-large:1.92%;--awb-margin-bottom-large:0px;--awb-spacing-left-large:1.92%;--awb-width-medium:100%;--awb-order-medium:0;--awb-spacing-right-medium:1.92%;--awb-spacing-left-medium:1.92%;--awb-width-small:100%;--awb-order-small:0;--awb-spacing-right-small:1.92%;--awb-spacing-left-small:1.92%;\"><div class=\"fusion-column-wrapper fusion-column-has-shadow fusion-flex-justify-content-flex-start fusion-content-layout-column\"><div class=\"fusion-title title fusion-title-7 fusion-sep-none fusion-title-text fusion-title-size-paragraph\"><p class=\"fusion-title-heading title-heading-left title-heading-tag fusion-responsive-typography-calculated\" style=\"font-family:&quot;ABCArizonaSans-Medium&quot;;font-style:normal;font-weight:400;margin:0;--fontSize:18;--minFontSize:18;line-height:1.3;\">Qualifikation:<\/p><\/div><div class=\"fusion-text fusion-text-2\"><ul>\n<li>Erfolgreich abgeschlossenes Studium der Betriebswirtschaftslehre, Gesundheits\u00f6konomie, Gesundheitsmanagement oder eine vergleichbare Qualifikation<\/li>\n<li>Mehrj\u00e4hrige Erfahrung im Controlling, idealerweise im Gesundheitswesen oder Krankenhausumfeld<\/li>\n<li>Mehrj\u00e4hrige F\u00fchrungserfahrung im Controlling, idealerweise im Krankenhaus- oder Gesundheitswesen<\/li>\n<li>Fundierte Kenntnisse im kaufm\u00e4nnischen Controlling sowie in Planungs- und Reportingprozessen<\/li>\n<li>Erfahrung in der Digitalisierung von Finanzprozessen, z. B. BI-Tools, Data Analytics, Automatisierung<\/li>\n<li>Strategisches Denkverm\u00f6gen sowie ausgepr\u00e4gte analytische F\u00e4higkeiten<\/li>\n<li>Hohe IT-Affinit\u00e4t und Interesse an datengetriebenen Steuerungsmodellen<\/li>\n<li>Kommunikationsst\u00e4rke sowie souver\u00e4nes Auftreten auf Managementebene<\/li>\n<li>Strukturierte und l\u00f6sungsorientierte Arbeitsweise mit Gestaltungsanspruch<\/li>\n<\/ul>\n<\/div><\/div><\/div><\/div><\/div><div class=\"fusion-fullwidth fullwidth-box fusion-builder-row-4 fusion-flex-container has-pattern-background has-mask-background nonhundred-percent-fullwidth non-hundred-percent-height-scrolling concont\" style=\"--awb-border-radius-top-left:0px;--awb-border-radius-top-right:0px;--awb-border-radius-bottom-right:0px;--awb-border-radius-bottom-left:0px;--awb-padding-right:0px;--awb-padding-left:0px;--awb-margin-top:30px;--awb-flex-wrap:wrap;\" ><div class=\"fusion-builder-row fusion-row fusion-flex-align-items-flex-start fusion-flex-content-wrap\" style=\"max-width:1248px;margin-left: calc(-4% \/ 2 );margin-right: calc(-4% \/ 2 );\"><div class=\"fusion-layout-column fusion_builder_column fusion-builder-column-3 fusion_builder_column_1_1 1_1 fusion-flex-column\" style=\"--awb-bg-size:cover;--awb-width-large:100%;--awb-margin-top-large:0px;--awb-spacing-right-large:1.92%;--awb-margin-bottom-large:0px;--awb-spacing-left-large:1.92%;--awb-width-medium:100%;--awb-order-medium:0;--awb-spacing-right-medium:1.92%;--awb-spacing-left-medium:1.92%;--awb-width-small:100%;--awb-order-small:0;--awb-spacing-right-small:1.92%;--awb-spacing-left-small:1.92%;\"><div class=\"fusion-column-wrapper fusion-column-has-shadow fusion-flex-justify-content-flex-start fusion-content-layout-column\"><div class=\"fusion-title title fusion-title-8 fusion-sep-none fusion-title-text fusion-title-size-paragraph\"><p class=\"fusion-title-heading title-heading-left title-heading-tag fusion-responsive-typography-calculated\" style=\"font-family:&quot;ABCArizonaSans-Medium&quot;;font-style:normal;font-weight:400;margin:0;--fontSize:18;--minFontSize:18;line-height:1.3;\">Benefits:<\/p><\/div><div class=\"fusion-text fusion-text-3\"><ul>\n<li>Attraktive und leistungsgerechte Verg\u00fctung in Anlehnung an den TV\u00f6D inklusive 30 Tage Jahresurlaub<\/li>\n<li>M\u00f6glichkeit zum mobilen Arbeiten bis zu 20 % der w\u00f6chentlichen Arbeitszeit<\/li>\n<li>Verantwortungsvolle Position in einem kommunalen Gesundheitsunternehmen mit regionaler Bedeutung<\/li>\n<li>Gegenseitige Wertsch\u00e4tzung, eine offene und respektvolle Kommunikation sowie eine vertrauensw\u00fcrdige F\u00fchrungskultur<\/li>\n<li>Verantwortungsvolle und abwechslungsreiche Aufgaben im zentralen Finanzbereich sowie enge Zusammenarbeit mit den Fachbereichen<\/li>\n<li>Vielf\u00e4ltige Entwicklungsm\u00f6glichkeiten innerhalb der Unternehmensgruppe<\/li>\n<li>Eine betriebliche Altersvorsorge<\/li>\n<li>Fahrradleasing durch JobRad und ein Zuschuss zum Deutschlandticket<\/li>\n<\/ul>\n<\/div><\/div><\/div><\/div><\/div><div class=\"fusion-fullwidth fullwidth-box fusion-builder-row-5 fusion-flex-container has-pattern-background has-mask-background nonhundred-percent-fullwidth non-hundred-percent-height-scrolling concont\" style=\"--awb-border-radius-top-left:0px;--awb-border-radius-top-right:0px;--awb-border-radius-bottom-right:0px;--awb-border-radius-bottom-left:0px;--awb-padding-right:0px;--awb-padding-left:0px;--awb-margin-top:30px;--awb-flex-wrap:wrap;\" ><div class=\"fusion-builder-row fusion-row fusion-flex-align-items-flex-start fusion-flex-content-wrap\" style=\"max-width:1248px;margin-left: calc(-4% \/ 2 );margin-right: calc(-4% \/ 2 );\"><div class=\"fusion-layout-column fusion_builder_column fusion-builder-column-4 fusion_builder_column_1_1 1_1 fusion-flex-column\" style=\"--awb-bg-size:cover;--awb-width-large:100%;--awb-margin-top-large:0px;--awb-spacing-right-large:1.92%;--awb-margin-bottom-large:0px;--awb-spacing-left-large:1.92%;--awb-width-medium:100%;--awb-order-medium:0;--awb-spacing-right-medium:1.92%;--awb-spacing-left-medium:1.92%;--awb-width-small:100%;--awb-order-small:0;--awb-spacing-right-small:1.92%;--awb-spacing-left-small:1.92%;\"><div class=\"fusion-column-wrapper fusion-column-has-shadow fusion-flex-justify-content-flex-start fusion-content-layout-column\"><div ><a class=\"fusion-button button-flat fusion-button-default-size button-default fusion-button-default button-2 fusion-button-default-span fusion-button-default-type\" target=\"_self\" href=\"https:\/\/f-finance.de\/bewerbung?subject=Leiter (m\/w\/d) Kaufm\u00e4nnisches Controlling\"><span class=\"fusion-button-text awb-button__text awb-button__text--default\">Bewerben<\/span><\/a><\/div><\/div><\/div><\/div><\/div><div class=\"fusion-fullwidth fullwidth-box fusion-builder-row-6 fusion-flex-container has-pattern-background has-mask-background nonhundred-percent-fullwidth non-hundred-percent-height-scrolling concont\" style=\"--awb-border-radius-top-left:0px;--awb-border-radius-top-right:0px;--awb-border-radius-bottom-right:0px;--awb-border-radius-bottom-left:0px;--awb-padding-right:0px;--awb-padding-left:0px;--awb-margin-top:30px;--awb-flex-wrap:wrap;\" ><div class=\"fusion-builder-row fusion-row fusion-flex-align-items-flex-start fusion-flex-content-wrap\" style=\"max-width:1248px;margin-left: calc(-4% \/ 2 );margin-right: calc(-4% \/ 2 );\"><div class=\"fusion-layout-column fusion_builder_column fusion-builder-column-5 fusion_builder_column_1_1 1_1 fusion-flex-column\" style=\"--awb-bg-size:cover;--awb-width-large:100%;--awb-margin-top-large:0px;--awb-spacing-right-large:1.92%;--awb-margin-bottom-large:0px;--awb-spacing-left-large:1.92%;--awb-width-medium:100%;--awb-order-medium:0;--awb-spacing-right-medium:1.92%;--awb-spacing-left-medium:1.92%;--awb-width-small:100%;--awb-order-small:0;--awb-spacing-right-small:1.92%;--awb-spacing-left-small:1.92%;\"><div class=\"fusion-column-wrapper fusion-column-has-shadow fusion-flex-justify-content-flex-start fusion-content-layout-column\"><div class=\"fusion-text fusion-text-4\"><p><a href=\"https:\/\/f-finance.de\/stellenangebote\/\">&lt;\u2013 Zur\u00fcck zur \u00dcbersicht<\/a><\/p>\n<\/div><\/div><\/div><\/div><\/div><\/p>\n","protected":false},"excerpt":{"rendered":"","protected":false},"author":3,"featured_media":0,"menu_order":0,"comment_status":"closed","ping_status":"closed","template":"","format":"standard","meta":{"footnotes":""},"portfolio_category":[30,5,7],"portfolio_skills":[],"portfolio_tags":[],"class_list":["post-3896","avada_portfolio","type-avada_portfolio","status-publish","format-standard","hentry","portfolio_category-alle","portfolio_category-finance","portfolio_category-unternehmen-industrie"],"_links":{"self":[{"href":"https:\/\/f-finance.de\/en\/wp-json\/wp\/v2\/avada_portfolio\/3896","targetHints":{"allow":["GET"]}}],"collection":[{"href":"https:\/\/f-finance.de\/en\/wp-json\/wp\/v2\/avada_portfolio"}],"about":[{"href":"https:\/\/f-finance.de\/en\/wp-json\/wp\/v2\/types\/avada_portfolio"}],"author":[{"embeddable":true,"href":"https:\/\/f-finance.de\/en\/wp-json\/wp\/v2\/users\/3"}],"replies":[{"embeddable":true,"href":"https:\/\/f-finance.de\/en\/wp-json\/wp\/v2\/comments?post=3896"}],"version-history":[{"count":1,"href":"https:\/\/f-finance.de\/en\/wp-json\/wp\/v2\/avada_portfolio\/3896\/revisions"}],"predecessor-version":[{"id":3897,"href":"https:\/\/f-finance.de\/en\/wp-json\/wp\/v2\/avada_portfolio\/3896\/revisions\/3897"}],"wp:attachment":[{"href":"https:\/\/f-finance.de\/en\/wp-json\/wp\/v2\/media?parent=3896"}],"wp:term":[{"taxonomy":"portfolio_category","embeddable":true,"href":"https:\/\/f-finance.de\/en\/wp-json\/wp\/v2\/portfolio_category?post=3896"},{"taxonomy":"portfolio_skills","embeddable":true,"href":"https:\/\/f-finance.de\/en\/wp-json\/wp\/v2\/portfolio_skills?post=3896"},{"taxonomy":"portfolio_tags","embeddable":true,"href":"https:\/\/f-finance.de\/en\/wp-json\/wp\/v2\/portfolio_tags?post=3896"}],"curies":[{"name":"wp","href":"https:\/\/api.w.org\/{rel}","templated":true}]}}